{"id":4621,"date":"2017-02-13T10:15:37","date_gmt":"2017-02-13T10:15:37","guid":{"rendered":"https:\/\/dicositiganas.ro\/portofolio\/%pprogram%\/parcaj-public-avram-iancu-cluj-napoca\/"},"modified":"2025-10-02T18:24:38","modified_gmt":"2025-10-02T18:24:38","slug":"parcaj-public-avram-iancu-cluj-napoca","status":"publish","type":"projects","link":"https:\/\/dicositiganas.ro\/ro\/portofolio\/altele\/parcaj-public-avram-iancu-cluj-napoca\/","title":{"rendered":"Parcaj Avram Iancu, Cluj-Napoca"},"content":{"rendered":"\n<p>Cum s\u0103 faci o cl\u0103dire pentru automobile, o parcare de mare capacitate, \u00eentr-o zon\u0103 central\u0103 protejat\u0103, jum\u0103tate pe strad\u0103 \u0219i jum\u0103tate \u00een interiorul cimitirului central, \u0219i el monument istoric? Am r\u0103spuns acestor provoc\u0103ri propun\u00e2nd o cas\u0103 \u00eentre dou\u0103 lumi. Pentru cea dinafar\u0103, cu aglomera\u021bie \u0219i nevoie de solu\u021bii pentru parcare, am ales zidul din piatr\u0103 \u0219i acoperi\u0219ul \u00een pant\u0103. Pentru cea din\u0103untru am preferat camuflajul, realiz\u00e2nd un fel de lizier\u0103 pe fundalul aleilor m\u0103rginite de arbori. A\u021bi mai v\u0103zut un parcaj multietajat cu fa\u021bad\u0103 din elemente de lemn? Am dezvoltat \u00eenchiderea fa\u021badei prin design parametric pentru a ad\u0103uga dimensiunea mi\u0219c\u0103rii subtile pe care ne-o ofer\u0103 coroanele copacilor atunci c\u00e2nd bate v\u00e2ntul. Spre strad\u0103 am placat cl\u0103direa cu spa\u021bii pentru oameni, necesare \u0219i oportune \u00een acest loc. Concep\u021bia \u00eentregii cl\u0103diri a pornit de la ora\u0219, de la contextul puternic \u0219i foarte special, spre func\u021biune. Ora\u0219ul a impus prezen\u021ba unei parc\u0103ri \u00een acest spa\u021biu, pentru a rezolva nevoile acute ale zonei pietonale din proximitate. Frontul str\u0103zii ne-a oferit o corni\u0219\u0103 \u0219i un plan al acoperi\u0219ului la care ne-am aliniat. Poarta cimitirului Hajongard ne-a indicat locul trecerii dintr-o parte \u00een cealalt\u0103, al schimb\u0103rii dramatice.          <\/p>\n\n<figure class=\"wp-block-gallery has-nested-images columns-8 pcarousel dynamic wp-block-gallery-1 is-layout-flex\">\n<figure class=\"wp-block-image size-large\"><img decoding=\"async\" width=\"1920\" height=\"1080\" data-id=\"17499\"  src=\"https:\/\/dicositiganas.ro\/wp-content\/uploads\/2025\/10\/1H1_299_Avram-Iancu-Parking_m11.jpg\" alt=\"\" class=\"wp-image-17499\"\/><\/figure>\n\n\n\n<figure class=\"wp-block-image size-large\"><img decoding=\"async\" width=\"1920\" height=\"1080\" data-id=\"17498\"  src=\"https:\/\/dicositiganas.ro\/wp-content\/uploads\/2025\/10\/1H1_299_Avram-Iancu-Parking_m12.jpg\" alt=\"\" class=\"wp-image-17498\"\/><\/figure>\n\n\n\n<figure class=\"wp-block-image size-large\"><img decoding=\"async\" width=\"1080\" height=\"1920\" data-id=\"17504\"  src=\"https:\/\/dicositiganas.ro\/wp-content\/uploads\/2025\/10\/1H1_299_Avram-Iancu-Parking_m13.jpg\" alt=\"\" class=\"wp-image-17504\"\/><\/figure>\n\n\n\n<figure class=\"wp-block-image size-large\"><img decoding=\"async\" width=\"1920\" height=\"1080\" data-id=\"17490\"  src=\"https:\/\/dicositiganas.ro\/wp-content\/uploads\/2025\/10\/1H1_299_Avram-Iancu-Parking_m14.jpg\" alt=\"\" class=\"wp-image-17490\"\/><\/figure>\n\n\n\n<figure class=\"wp-block-image size-large\"><img decoding=\"async\" width=\"1920\" height=\"1080\" data-id=\"17494\"  src=\"https:\/\/dicositiganas.ro\/wp-content\/uploads\/2025\/10\/1H1_299_Avram-Iancu-Parking_m15.jpg\" alt=\"\" class=\"wp-image-17494\"\/><\/figure>\n\n\n\n<figure class=\"wp-block-image size-large\"><img decoding=\"async\" width=\"1920\" height=\"1080\" data-id=\"17492\"  src=\"https:\/\/dicositiganas.ro\/wp-content\/uploads\/2025\/10\/1H1_299_Avram-Iancu-Parking_m16.jpg\" alt=\"\" class=\"wp-image-17492\"\/><\/figure>\n\n\n\n<figure class=\"wp-block-image size-large\"><img decoding=\"async\" width=\"1920\" height=\"1080\" data-id=\"17496\"  src=\"https:\/\/dicositiganas.ro\/wp-content\/uploads\/2025\/10\/1H1_299_Avram-Iancu-Parking_m17.jpg\" alt=\"\" class=\"wp-image-17496\"\/><\/figure>\n\n\n\n<figure class=\"wp-block-image size-large\"><img decoding=\"async\" width=\"1920\" height=\"1080\" data-id=\"17502\"  src=\"https:\/\/dicositiganas.ro\/wp-content\/uploads\/2025\/10\/1H1_299_Avram-Iancu-Parking_m18.jpg\" alt=\"\" class=\"wp-image-17502\"\/><\/figure>\n<\/figure>\n\n<figure class=\"wp-block-gallery has-nested-images columns-default pcarousel dynamic wp-block-gallery-3 is-layout-flex\">\n<figure class=\"wp-block-image size-large\"><img decoding=\"async\" width=\"1920\" height=\"1080\" data-id=\"2819\"  src=\"https:\/\/dicositiganas.ro\/wp-content\/uploads\/2019\/09\/1H5_299_Avram-Iancu-Street-Parking-Office_01.jpg\" alt=\"\" class=\"wp-image-2819\"\/><\/figure>\n\n\n\n<figure class=\"wp-block-image size-large\"><img decoding=\"async\" width=\"1920\" height=\"1080\" data-id=\"2820\"  src=\"https:\/\/dicositiganas.ro\/wp-content\/uploads\/2019\/09\/1H5_299_Avram-Iancu-Street-Parking-Office_02.jpg\" alt=\"\" class=\"wp-image-2820\"\/><\/figure>\n\n\n\n<figure class=\"wp-block-image size-large\"><img decoding=\"async\" width=\"3000\" height=\"1688\" data-id=\"2821\"  src=\"https:\/\/dicositiganas.ro\/wp-content\/uploads\/2019\/09\/1H5_299_Avram-Iancu-Street-Parking-Office_03.jpg\" alt=\"\" class=\"wp-image-2821\"\/><\/figure>\n\n\n\n<figure class=\"wp-block-image size-large\"><img decoding=\"async\" width=\"3000\" height=\"1688\" data-id=\"2822\"  src=\"https:\/\/dicositiganas.ro\/wp-content\/uploads\/2019\/09\/1H5_299_Avram-Iancu-Street-Parking-Office_04.jpg\" alt=\"\" class=\"wp-image-2822\"\/><\/figure>\n<\/figure>\n\n<figure class=\"wp-block-gallery has-nested-images columns-default pcarousel dynamic wp-block-gallery-5 is-layout-flex\">\n<figure class=\"wp-block-image size-large\"><img decoding=\"async\" width=\"1920\" height=\"1080\" data-id=\"7153\"  src=\"https:\/\/dicositiganas.ro\/wp-content\/uploads\/2019\/12\/1H1_299_Avram-Iancu-Parking_m05.jpg\" alt=\"\" class=\"wp-image-7153\"\/><\/figure>\n\n\n\n<figure class=\"wp-block-image size-large\"><img decoding=\"async\" width=\"1920\" height=\"1080\" data-id=\"7155\"  src=\"https:\/\/dicositiganas.ro\/wp-content\/uploads\/2019\/12\/1H1_299_Avram-Iancu-Parking_m06.jpg\" alt=\"\" class=\"wp-image-7155\"\/><\/figure>\n\n\n\n<figure class=\"wp-block-image size-large\"><img decoding=\"async\" width=\"1920\" height=\"1080\" data-id=\"7161\"  src=\"https:\/\/dicositiganas.ro\/wp-content\/uploads\/2019\/12\/1H1_299_Avram-Iancu-Parking_m10.jpg\" alt=\"\" class=\"wp-image-7161\"\/><\/figure>\n\n\n\n<figure class=\"wp-block-image size-large\"><img decoding=\"async\" width=\"1920\" height=\"1080\" data-id=\"7157\"  src=\"https:\/\/dicositiganas.ro\/wp-content\/uploads\/2019\/12\/1H1_299_Avram-Iancu-Parking_m07.jpg\" alt=\"\" class=\"wp-image-7157\"\/><\/figure>\n\n\n\n<figure class=\"wp-block-image size-large\"><img decoding=\"async\" width=\"1920\" height=\"1080\" data-id=\"7151\"  src=\"https:\/\/dicositiganas.ro\/wp-content\/uploads\/2019\/12\/1H1_299_Avram-Iancu-Parking_m08.jpg\" alt=\"\" class=\"wp-image-7151\"\/><\/figure>\n\n\n\n<figure class=\"wp-block-image size-large\"><img decoding=\"async\" width=\"1920\" height=\"1080\" data-id=\"7159\"  src=\"https:\/\/dicositiganas.ro\/wp-content\/uploads\/2019\/12\/1H1_299_Avram-Iancu-Parking_m09.jpg\" alt=\"\" class=\"wp-image-7159\"\/><\/figure>\n<\/figure>\n\n<p><strong>concept model<\/strong><\/p>\n\n<div style=\"height:100px\" aria-hidden=\"true\" class=\"wp-block-spacer\"><\/div>\n\n<figure class=\"wp-block-image alignfull size-large dheight\"><img decoding=\"async\" width=\"1920\" height=\"1080\" src=\"https:\/\/dicositiganas.ro\/wp-content\/uploads\/2017\/02\/1H1_299_Avram-Iancu-Parking_plan-incadrare.jpg\" alt=\"\" class=\"wp-image-13124\"\/><\/figure>\n\n<figure class=\"wp-block-image alignfull size-large dheight\"><img decoding=\"async\" width=\"1920\" height=\"1080\" src=\"https:\/\/dicositiganas.ro\/wp-content\/uploads\/2021\/05\/1H1_299_Avram-Iancu-Parking_09_Site_plan-de-situatieW.jpg\" alt=\"\" class=\"wp-image-13109\"\/><\/figure>\n\n<figure class=\"wp-block-image alignfull size-full dheight\"><img decoding=\"async\" width=\"1920\" height=\"1080\" src=\"https:\/\/dicositiganas.ro\/wp-content\/uploads\/2019\/12\/1H1_299_Avram-Iancu-Parking_10_Plan-Parter.jpg\" alt=\"\" class=\"wp-image-7147\"\/><\/figure>\n\n<figure class=\"wp-block-image alignfull size-full dheight\"><img decoding=\"async\" width=\"1920\" height=\"1080\" src=\"https:\/\/dicositiganas.ro\/wp-content\/uploads\/2019\/12\/1H1_299_Avram-Iancu-Parking_11_Plan-Etaj.jpg\" alt=\"\" class=\"wp-image-7149\"\/><\/figure>\n\n<figure class=\"wp-block-image alignfull size-full dheight\"><img decoding=\"async\" width=\"1920\" height=\"1080\" src=\"https:\/\/dicositiganas.ro\/wp-content\/uploads\/2019\/09\/1H5_299_Avram-Iancu-Street-Parking-Office_05-FatadaN.jpg\" alt=\"\" class=\"wp-image-2824\"\/><\/figure>\n\n<figure class=\"wp-block-image alignfull size-full dheight\"><img decoding=\"async\" width=\"1920\" height=\"1080\" src=\"https:\/\/dicositiganas.ro\/wp-content\/uploads\/2019\/09\/1H5_299_Avram-Iancu-Street-Parking-Office_05-FatadaE.jpg\" alt=\"\" class=\"wp-image-2825\"\/><\/figure>\n","protected":false},"excerpt":{"rendered":"<p>Cum s\u0103 faci o cl\u0103dire pentru automobile, o parcare de mare capacitate, \u00eentr-o zon\u0103 central\u0103 protejat\u0103, jum\u0103tate pe strad\u0103 \u0219i jum\u0103tate \u00een interiorul cimitirului central, \u0219i el monument istoric? Am r\u0103spuns acestor provoc\u0103ri propun\u00e2nd o cas\u0103 \u00eentre dou\u0103 lumi. Pentru cea dinafar\u0103, cu aglomera\u021bie \u0219i nevoie de solu\u021bii pentru parcare, am ales zidul din piatr\u0103 [&hellip;]<\/p>\n","protected":false},"featured_media":3816,"template":"","tags":[],"pstatus":[91],"pyear":[201],"pprogram":[102],"pplace":[113],"yoast_head":"<!-- This site is optimized with the Yoast SEO plugin v21.8.1 - https:\/\/yoast.com\/wordpress\/plugins\/seo\/ -->\n<title>Parcaj Avram Iancu, Cluj-Napoca - DICO &amp; TIGANAS birou de proiectare | architecture and engineering | Cluj-Napoca | Romania<\/title>\n<meta name=\"robots\" content=\"index, follow, max-snippet:-1, max-image-preview:large, max-video-preview:-1\" \/>\n<link rel=\"canonical\" href=\"https:\/\/dicositiganas.ro\/ro\/portofolio\/altele\/parcaj-public-avram-iancu-cluj-napoca\/\" \/>\n<meta property=\"og:locale\" content=\"ro_RO\" \/>\n<meta property=\"og:type\" content=\"article\" \/>\n<meta property=\"og:title\" content=\"Parcaj Avram Iancu, Cluj-Napoca - DICO &amp; TIGANAS birou de proiectare | architecture and engineering | Cluj-Napoca | Romania\" \/>\n<meta property=\"og:description\" content=\"Cum s\u0103 faci o cl\u0103dire pentru automobile, o parcare de mare capacitate, \u00eentr-o zon\u0103 central\u0103 protejat\u0103, jum\u0103tate pe strad\u0103 \u0219i jum\u0103tate \u00een interiorul cimitirului central, \u0219i el monument istoric? Am r\u0103spuns acestor provoc\u0103ri propun\u00e2nd o cas\u0103 \u00eentre dou\u0103 lumi. Pentru cea dinafar\u0103, cu aglomera\u021bie \u0219i nevoie de solu\u021bii pentru parcare, am ales zidul din piatr\u0103 [&hellip;]\" \/>\n<meta property=\"og:url\" content=\"https:\/\/dicositiganas.ro\/ro\/portofolio\/altele\/parcaj-public-avram-iancu-cluj-napoca\/\" \/>\n<meta property=\"og:site_name\" content=\"DICO &amp; TIGANAS birou de proiectare | architecture and engineering | Cluj-Napoca | Romania\" \/>\n<meta property=\"article:publisher\" content=\"https:\/\/www.facebook.com\/dicositiganas\" \/>\n<meta property=\"article:modified_time\" content=\"2025-10-02T18:24:38+00:00\" \/>\n<meta property=\"og:image\" content=\"https:\/\/dicositiganas.ro\/wp-content\/uploads\/2019\/09\/1H5_299_Avram-Iancu-Street-Parking-Office_01.jpg\" \/>\n\t<meta property=\"og:image:width\" content=\"1920\" \/>\n\t<meta property=\"og:image:height\" content=\"1080\" \/>\n\t<meta property=\"og:image:type\" content=\"image\/jpeg\" \/>\n<meta name=\"twitter:card\" content=\"summary_large_image\" \/>\n<meta name=\"twitter:label1\" content=\"Timp estimat pentru citire\" \/>\n\t<meta name=\"twitter:data1\" content=\"4 minute\" \/>\n<script type=\"application\/ld+json\" class=\"yoast-schema-graph\">{\"@context\":\"https:\/\/schema.org\",\"@graph\":[{\"@type\":\"WebPage\",\"@id\":\"https:\/\/dicositiganas.ro\/ro\/portofolio\/altele\/parcaj-public-avram-iancu-cluj-napoca\/\",\"url\":\"https:\/\/dicositiganas.ro\/ro\/portofolio\/altele\/parcaj-public-avram-iancu-cluj-napoca\/\",\"name\":\"Parcaj Avram Iancu, Cluj-Napoca - DICO &amp; TIGANAS birou de proiectare | architecture and engineering | Cluj-Napoca | Romania\",\"isPartOf\":{\"@id\":\"https:\/\/dicositiganas.ro\/ro\/#website\"},\"datePublished\":\"2017-02-13T10:15:37+00:00\",\"dateModified\":\"2025-10-02T18:24:38+00:00\",\"breadcrumb\":{\"@id\":\"https:\/\/dicositiganas.ro\/ro\/portofolio\/altele\/parcaj-public-avram-iancu-cluj-napoca\/#breadcrumb\"},\"inLanguage\":\"ro-RO\",\"potentialAction\":[{\"@type\":\"ReadAction\",\"target\":[\"https:\/\/dicositiganas.ro\/ro\/portofolio\/altele\/parcaj-public-avram-iancu-cluj-napoca\/\"]}]},{\"@type\":\"BreadcrumbList\",\"@id\":\"https:\/\/dicositiganas.ro\/ro\/portofolio\/altele\/parcaj-public-avram-iancu-cluj-napoca\/#breadcrumb\",\"itemListElement\":[{\"@type\":\"ListItem\",\"position\":1,\"name\":\"Home\",\"item\":\"https:\/\/dicositiganas.ro\/ro\/\"},{\"@type\":\"ListItem\",\"position\":2,\"name\":\"Proiecte\",\"item\":\"https:\/\/dicositiganas.ro\/ro\/portofolio\/\"},{\"@type\":\"ListItem\",\"position\":3,\"name\":\"Parcaj Avram Iancu, Cluj-Napoca\"}]},{\"@type\":\"WebSite\",\"@id\":\"https:\/\/dicositiganas.ro\/ro\/#website\",\"url\":\"https:\/\/dicositiganas.ro\/ro\/\",\"name\":\"DICO si TIGANAS birou de proiectare | architecture and engineering | Cluj-Napoca | Romania\",\"description\":\"arhitectur\u0103 \u0219i inginerie\",\"publisher\":{\"@id\":\"https:\/\/dicositiganas.ro\/ro\/#organization\"},\"potentialAction\":[{\"@type\":\"SearchAction\",\"target\":{\"@type\":\"EntryPoint\",\"urlTemplate\":\"https:\/\/dicositiganas.ro\/ro\/?s={search_term_string}\"},\"query-input\":\"required name=search_term_string\"}],\"inLanguage\":\"ro-RO\"},{\"@type\":\"Organization\",\"@id\":\"https:\/\/dicositiganas.ro\/ro\/#organization\",\"name\":\"dico si tiganas\",\"url\":\"https:\/\/dicositiganas.ro\/ro\/\",\"logo\":{\"@type\":\"ImageObject\",\"inLanguage\":\"ro-RO\",\"@id\":\"https:\/\/dicositiganas.ro\/ro\/#\/schema\/logo\/image\/\",\"url\":\"https:\/\/dicositiganas.ro\/wp-content\/uploads\/2019\/08\/logo_en_black.png\",\"contentUrl\":\"https:\/\/dicositiganas.ro\/wp-content\/uploads\/2019\/08\/logo_en_black.png\",\"width\":600,\"height\":98,\"caption\":\"dico si tiganas\"},\"image\":{\"@id\":\"https:\/\/dicositiganas.ro\/ro\/#\/schema\/logo\/image\/\"},\"sameAs\":[\"https:\/\/www.facebook.com\/dicositiganas\",\"https:\/\/www.linkedin.com\/company\/dico-si-tiganas-birou-de-proiectare-srl\"]}]}<\/script>\n<!-- \/ Yoast SEO plugin. -->","yoast_head_json":{"title":"Parcaj Avram Iancu, Cluj-Napoca - DICO &amp; TIGANAS birou de proiectare | architecture and engineering | Cluj-Napoca | Romania","robots":{"index":"index","follow":"follow","max-snippet":"max-snippet:-1","max-image-preview":"max-image-preview:large","max-video-preview":"max-video-preview:-1"},"canonical":"https:\/\/dicositiganas.ro\/ro\/portofolio\/altele\/parcaj-public-avram-iancu-cluj-napoca\/","og_locale":"ro_RO","og_type":"article","og_title":"Parcaj Avram Iancu, Cluj-Napoca - DICO &amp; TIGANAS birou de proiectare | architecture and engineering | Cluj-Napoca | Romania","og_description":"Cum s\u0103 faci o cl\u0103dire pentru automobile, o parcare de mare capacitate, \u00eentr-o zon\u0103 central\u0103 protejat\u0103, jum\u0103tate pe strad\u0103 \u0219i jum\u0103tate \u00een interiorul cimitirului central, \u0219i el monument istoric? Am r\u0103spuns acestor provoc\u0103ri propun\u00e2nd o cas\u0103 \u00eentre dou\u0103 lumi. Pentru cea dinafar\u0103, cu aglomera\u021bie \u0219i nevoie de solu\u021bii pentru parcare, am ales zidul din piatr\u0103 [&hellip;]","og_url":"https:\/\/dicositiganas.ro\/ro\/portofolio\/altele\/parcaj-public-avram-iancu-cluj-napoca\/","og_site_name":"DICO &amp; TIGANAS birou de proiectare | architecture and engineering | Cluj-Napoca | Romania","article_publisher":"https:\/\/www.facebook.com\/dicositiganas","article_modified_time":"2025-10-02T18:24:38+00:00","og_image":[{"width":1920,"height":1080,"url":"https:\/\/dicositiganas.ro\/wp-content\/uploads\/2019\/09\/1H5_299_Avram-Iancu-Street-Parking-Office_01.jpg","type":"image\/jpeg"}],"twitter_card":"summary_large_image","twitter_misc":{"Timp estimat pentru citire":"4 minute"},"schema":{"@context":"https:\/\/schema.org","@graph":[{"@type":"WebPage","@id":"https:\/\/dicositiganas.ro\/ro\/portofolio\/altele\/parcaj-public-avram-iancu-cluj-napoca\/","url":"https:\/\/dicositiganas.ro\/ro\/portofolio\/altele\/parcaj-public-avram-iancu-cluj-napoca\/","name":"Parcaj Avram Iancu, Cluj-Napoca - DICO &amp; TIGANAS birou de proiectare | architecture and engineering | Cluj-Napoca | Romania","isPartOf":{"@id":"https:\/\/dicositiganas.ro\/ro\/#website"},"datePublished":"2017-02-13T10:15:37+00:00","dateModified":"2025-10-02T18:24:38+00:00","breadcrumb":{"@id":"https:\/\/dicositiganas.ro\/ro\/portofolio\/altele\/parcaj-public-avram-iancu-cluj-napoca\/#breadcrumb"},"inLanguage":"ro-RO","potentialAction":[{"@type":"ReadAction","target":["https:\/\/dicositiganas.ro\/ro\/portofolio\/altele\/parcaj-public-avram-iancu-cluj-napoca\/"]}]},{"@type":"BreadcrumbList","@id":"https:\/\/dicositiganas.ro\/ro\/portofolio\/altele\/parcaj-public-avram-iancu-cluj-napoca\/#breadcrumb","itemListElement":[{"@type":"ListItem","position":1,"name":"Home","item":"https:\/\/dicositiganas.ro\/ro\/"},{"@type":"ListItem","position":2,"name":"Proiecte","item":"https:\/\/dicositiganas.ro\/ro\/portofolio\/"},{"@type":"ListItem","position":3,"name":"Parcaj Avram Iancu, Cluj-Napoca"}]},{"@type":"WebSite","@id":"https:\/\/dicositiganas.ro\/ro\/#website","url":"https:\/\/dicositiganas.ro\/ro\/","name":"DICO si TIGANAS birou de proiectare | architecture and engineering | Cluj-Napoca | Romania","description":"arhitectur\u0103 \u0219i inginerie","publisher":{"@id":"https:\/\/dicositiganas.ro\/ro\/#organization"},"potentialAction":[{"@type":"SearchAction","target":{"@type":"EntryPoint","urlTemplate":"https:\/\/dicositiganas.ro\/ro\/?s={search_term_string}"},"query-input":"required name=search_term_string"}],"inLanguage":"ro-RO"},{"@type":"Organization","@id":"https:\/\/dicositiganas.ro\/ro\/#organization","name":"dico si tiganas","url":"https:\/\/dicositiganas.ro\/ro\/","logo":{"@type":"ImageObject","inLanguage":"ro-RO","@id":"https:\/\/dicositiganas.ro\/ro\/#\/schema\/logo\/image\/","url":"https:\/\/dicositiganas.ro\/wp-content\/uploads\/2019\/08\/logo_en_black.png","contentUrl":"https:\/\/dicositiganas.ro\/wp-content\/uploads\/2019\/08\/logo_en_black.png","width":600,"height":98,"caption":"dico si tiganas"},"image":{"@id":"https:\/\/dicositiganas.ro\/ro\/#\/schema\/logo\/image\/"},"sameAs":["https:\/\/www.facebook.com\/dicositiganas","https:\/\/www.linkedin.com\/company\/dico-si-tiganas-birou-de-proiectare-srl"]}]}},"_links":{"self":[{"href":"https:\/\/dicositiganas.ro\/ro\/wp-json\/wp\/v2\/projects\/4621"}],"collection":[{"href":"https:\/\/dicositiganas.ro\/ro\/wp-json\/wp\/v2\/projects"}],"about":[{"href":"https:\/\/dicositiganas.ro\/ro\/wp-json\/wp\/v2\/types\/projects"}],"version-history":[{"count":26,"href":"https:\/\/dicositiganas.ro\/ro\/wp-json\/wp\/v2\/projects\/4621\/revisions"}],"predecessor-version":[{"id":17508,"href":"https:\/\/dicositiganas.ro\/ro\/wp-json\/wp\/v2\/projects\/4621\/revisions\/17508"}],"wp:featuredmedia":[{"embeddable":true,"href":"https:\/\/dicositiganas.ro\/ro\/wp-json\/wp\/v2\/media\/3816"}],"wp:attachment":[{"href":"https:\/\/dicositiganas.ro\/ro\/wp-json\/wp\/v2\/media?parent=4621"}],"wp:term":[{"taxonomy":"post_tag","embeddable":true,"href":"https:\/\/dicositiganas.ro\/ro\/wp-json\/wp\/v2\/tags?post=4621"},{"taxonomy":"pstatus","embeddable":true,"href":"https:\/\/dicositiganas.ro\/ro\/wp-json\/wp\/v2\/pstatus?post=4621"},{"taxonomy":"pyear","embeddable":true,"href":"https:\/\/dicositiganas.ro\/ro\/wp-json\/wp\/v2\/pyear?post=4621"},{"taxonomy":"pprogram","embeddable":true,"href":"https:\/\/dicositiganas.ro\/ro\/wp-json\/wp\/v2\/pprogram?post=4621"},{"taxonomy":"pplace","embeddable":true,"href":"https:\/\/dicositiganas.ro\/ro\/wp-json\/wp\/v2\/pplace?post=4621"}],"curies":[{"name":"wp","href":"https:\/\/api.w.org\/{rel}","templated":true}]}}